{"id":2443,"date":"2021-07-01T08:01:41","date_gmt":"2021-07-01T06:01:41","guid":{"rendered":"https:\/\/pactozero.com\/politica-de-privacitat\/"},"modified":"2024-04-29T10:59:31","modified_gmt":"2024-04-29T08:59:31","slug":"politica-de-privacitat","status":"publish","type":"page","link":"https:\/\/pactozero.com\/ca\/politica-de-privacitat\/","title":{"rendered":"Pol\u00edtica de Privacitat"},"content":{"rendered":"<p>[et_pb_section fb_built=&#8221;1&#8243; admin_label=&#8221;section&#8221; _builder_version=&#8221;3.22&#8243; global_colors_info=&#8221;{}&#8221;][et_pb_row admin_label=&#8221;row&#8221; _builder_version=&#8221;3.25&#8243; background_size=&#8221;initial&#8221; background_position=&#8221;top_left&#8221; background_repeat=&#8221;repeat&#8221; global_colors_info=&#8221;{}&#8221;][et_pb_column type=&#8221;4_4&#8243; _builder_version=&#8221;3.25&#8243; custom_padding=&#8221;|||&#8221; global_colors_info=&#8221;{}&#8221; custom_padding__hover=&#8221;|||&#8221;][et_pb_text admin_label=&#8221;Text&#8221; _builder_version=&#8221;3.27.4&#8243; background_size=&#8221;initial&#8221; background_position=&#8221;top_left&#8221; background_repeat=&#8221;repeat&#8221; global_colors_info=&#8221;{}&#8221;]<\/p>\n<h3>POLITICA DE PRIVACITAT<\/h3>\n<p><strong>1.<\/strong><span> I<\/span><strong>NFORMACI\u00d3 A L&#8217;USUARI <\/strong><\/p>\n<p><span><strong>ZERO IMPACT PACKAGING, S.L.<\/strong><\/span>, com a Responsable del Tractament, l&#8217;informa que, segons el que es disposa en el Reglament (UE) 2016\/679, de 27 d&#8217;abril, (RGPD) i en la L.O. 3\/2018, de 5 de desembre, de protecci\u00f3 de dades i garantia dels drets digitals (LOPDGDD), tractarem la seva dades tal com reflectim en la present Pol\u00edtica de Privacitat.<\/p>\n<p>En aquesta Pol\u00edtica de Privacitat descrivim com recollim les seves dades personals i per qu\u00e8 els recollim, qu\u00e8 fem amb ells, amb qui els compartim, com els protegim i les seves opcions quant al tractament de les seves dades personals.<\/p>\n<p>Aquesta Pol\u00edtica s&#8217;aplica al tractament de les seves dades personals recollits per l&#8217;empresa per a la prestaci\u00f3 dels seus serveis. Si accepta les mesures d&#8217;aquesta Pol\u00edtica, accepta que tractem les seves dades personals com es defineix en aquesta Pol\u00edtica.<\/p>\n<p><strong>2. CONTACTE<\/strong><\/p>\n<p>Denominaci\u00f3 social<span><strong>:ZERO IMPACT EMBALATGE, S.L.<\/strong><\/span><br \/>Nom comercial:<span> <\/span><strong>PactoZero<\/strong><br \/>CIF:<strong> B05284674<\/strong><br \/>Domicili:<span> <\/span><strong><span>Carretera Montcada, 750, #5. Terrassa, ES 08227<\/span><\/strong><br \/>e-mail:<span> <\/span><strong>hola@pactozero.com<\/strong><\/p>\n<p><strong>3. PRINCIPIS CLAU<\/strong><\/p>\n<p>Sempre hem estat compromesos amb prestar els nostres serveis amb el m\u00e9s alt grau de qualitat, la qual cosa inclou tractar les seves dades amb seguretat i transpar\u00e8ncia. Els nostres principis s\u00f3n:<\/p>\n<ul>\n<li><strong>Legalitat<\/strong>: Nom\u00e9s recopilarem les seves Dades personals per a fins espec\u00edfics, expl\u00edcits i leg\u00edtims.<\/li>\n<li><strong>Minimitzaci\u00f3 de dades<\/strong>: Limitem la recollida de dades de car\u00e0cter personal al que \u00e9s estrictament rellevant i necessari per als fins per als quals s&#8217;han recopilat.<\/li>\n<li><strong>Limitaci\u00f3 de la Finalitat:<\/strong> Nom\u00e9s recollirem les seves dades personals per als fins declarats i nom\u00e9s segons els seus desitjos.<\/li>\n<li><strong>Precisi\u00f3<\/strong>: Mantindrem les seves dades personals exactes i actualitzats.<\/li>\n<li><strong>Seguretat de les Dades:<\/strong> Apliquem les mesures t\u00e8cniques i organitzatives adequades i proporcionals als riscos per a garantir que les seves dades no sofreixin danys, com ara divulgaci\u00f3 o acc\u00e9s no autoritzat, la destrucci\u00f3 accidental o il\u00b7l\u00edcita o la seva p\u00e8rdua accidental o alteraci\u00f3 i qualsevol altra forma de tractament il\u00b7l\u00edcit.<\/li>\n<li><strong>Acc\u00e9s i Rectificaci\u00f3<\/strong>: Disposem de mitjans perqu\u00e8 accedeixi o rectifiqui les seves dades quan ho consideri oport\u00fa.<\/li>\n<li><strong>Conservaci\u00f3<\/strong>: Conservem les seves dades personals de manera legal i apropiada i nom\u00e9s mentre \u00e9s necessari per als fins per als quals s&#8217;han recopilat.<\/li>\n<li><strong>Les transfer\u00e8ncies internacionals<\/strong>: quan es doni el cas que les seves dades vagin a ser transferits fora de la UE\/EEE es protegiran adequadament.<\/li>\n<li><strong>Tercers<\/strong>: L&#8217;acc\u00e9s i transfer\u00e8ncia de dades personals a tercers es duen a terme d&#8217;acord amb les lleis i reglaments aplicables i amb les garanties contractuals adequades.<\/li>\n<li><strong>Marketing Directe i cookies<\/strong>: Complim amb la legislaci\u00f3 aplicable en mat\u00e8ria de publicitat i cookies.<\/li>\n<\/ul>\n<p><strong>4. RECOLLIDA I TRACTAMENT DE LES SEVES DADES PERSONALS<\/strong><br \/>Les tipus de dades que es poden sol\u00b7licitar i tractar s\u00f3n:<\/p>\n<ul>\n<li>Dades de car\u00e0cter identificatiu.<\/li>\n<\/ul>\n<p>Tamb\u00e9 recollim de manera autom\u00e0tica dades sobre la seva visita al nostre lloc web segons es descriu en la pol\u00edtica de cookies.<\/p>\n<p>Sempre que sol\u00b7licitem les seves Dades personals, l&#8217;informarem amb claredat de quines dades personals recollim i amb quina fi. En general, recollim i tractem les seves dades personals amb el prop\u00f2sit de:<\/p>\n<ul>\n<li>Proporcionar informaci\u00f3, serveis, productes, informaci\u00f3 rellevant i novetats en el sector.<\/li>\n<li>Enviament de comunicacions.<\/li>\n<\/ul>\n<p><strong>5. LEGITIMITAT<\/strong><\/p>\n<p>D&#8217;acord amb la normativa de protecci\u00f3 de dades aplicable, les seves dades personals podran tractar-se sempre que:<\/p>\n<ul>\n<li>Ens ha donat el seu consentiment a l&#8217;efecte del tractament. Per descomptat podr\u00e0 retirar el seu consentiment en qualsevol moment.<\/li>\n<li>Per requeriment legal.<\/li>\n<li>Per existir un inter\u00e8s leg\u00edtim que no es vegi menyscabat pels seus drets de privacitat, com per exemple l&#8217;enviament d&#8217;informaci\u00f3 comercial b\u00e9 per subscripci\u00f3 a nostra newsletter o per la seva condici\u00f3 de client.<\/li>\n<li>Per es necess\u00e0ria per a la prestaci\u00f3 d&#8217;algun dels nostres serveis mitjan\u00e7ant relaci\u00f3 contractual entre vost\u00e8 i nosaltres.<\/li>\n<\/ul>\n<p><strong>6. COMUNICACI\u00d3 DE DADES PERSONALS<\/strong><\/p>\n<p>Les dades poden ser comunicats a empreses relacionades amb <span><strong>ZERO IMPACT EMBALATGE, S.L.<\/strong><\/span> per a la prestaci\u00f3 dels diversos serveis en qualitat d&#8217;Encarregats del Tractament. L&#8217;empresa no realitzar\u00e0 cap cessi\u00f3, excepte per obligaci\u00f3 legal.<\/p>\n<p><strong>7. ELS SEUS DRETS<\/strong><\/p>\n<p>En relaci\u00f3 amb la recollida i tractament de les seves dades personals, pot posar-se en contacte amb nosaltres en qualsevol moment per a:<\/p>\n<ul>\n<li>Accedir a les seves dades personals i a qualsevol altra informaci\u00f3 indicada en l&#8217;Article 15.1 del RGPD.<\/li>\n<li>Rectificar les seves dades personals que siguin inexactes o estiguin incomplets d&#8217;acord amb l&#8217;Article 16 del RGPD.<\/li>\n<li>Suprimir les seves dades personals d&#8217;acord amb l&#8217;Article 17 del RGPD.<\/li>\n<li>Limitar el tractament de les seves dades personals d&#8217;acord amb l&#8217;Article 18 del RGPD.<\/li>\n<li>Sol\u00b7licitar la portabilitat de les seves dades d&#8217;acord amb l&#8217;Article 20 del<span>,<\/span><a href=\"https:\/\/presencialismo.com\/\" class=\"rank-math-link\" target=\"_blank\" rel=\"noopener\"><span class=\"has-inline-color has-black-color\">RGPD<\/span><\/a>.<\/li>\n<li>Oposar-se al tractament de les seves dades personals d&#8217;acord amb l&#8217;article 21 del RGPD.<\/li>\n<\/ul>\n<p>Si ha atorgat el seu consentiment per a alguna finalitat concreta, t\u00e9 dret a retirar el consentiment atorgat en qualsevol moment, sense que aix\u00f2 afecti la licitud del tractament basat en el consentiment previ a la seva retirada<span>, <\/span> <a href=\"https:\/\/presencialismo.com\/\" class=\"rank-math-link\" target=\"_blank\" rel=\"noopener\"><span class=\"has-inline-color has-black-color\">rrhh<\/span><\/a>.<\/p>\n<p>Pot exercir aquests drets enviant comunicaci\u00f3, motivada i acreditada, a hola@paztozero.com<\/p>\n<p>Tamb\u00e9 t\u00e9 dret a presentar una reclamaci\u00f3 davant l&#8217;Autoritat de control competent (<a href=\"https:\/\/aepd.es\/\" class=\"rank-math-link\" target=\"_blank\" rel=\"noopener\">www.aepd.es<\/a>) si considera que el tractament no s&#8217;ajusta a la normativa vigent.<\/p>\n<p><strong>8. INFORMACI\u00d3 LEGAL<\/strong><br \/>Els requisits d&#8217;aquesta Pol\u00edtica complementen, i no reemplacen, qualsevol altre requisit existent sota la llei de protecci\u00f3 de dades aplicable, que ser\u00e0 la que prevalgui en qualsevol cas.<\/p>\n<p>Aquesta Pol\u00edtica est\u00e0 subjecta a revisions peri\u00f2diques i l&#8217;empresa pot modificar-la en qualsevol moment. Quan aix\u00f2 ocorri, li avisarem de qualsevol canvi i li demanarem que torni a llegir la versi\u00f3 m\u00e9s recent de la nostra Pol\u00edtica i que confirmi la seva acceptaci\u00f3.<\/p>\n<p>&nbsp;<\/p>\n<p>&nbsp;<\/p>\n<p><!-- \/divi:paragraph -->[\/et_pb_text][\/et_pb_column][\/et_pb_row][\/et_pb_section]<\/p>\n","protected":false},"excerpt":{"rendered":"<p>POLITICA DE PRIVACITAT 1. INFORMACI\u00d3 A L&#8217;USUARI ZERO IMPACT PACKAGING, S.L., com a Responsable del Tractament, l&#8217;informa que, segons el que es disposa en el Reglament (UE) 2016\/679, de 27 d&#8217;abril, (RGPD) i en la L.O. 3\/2018, de 5 de desembre, de protecci\u00f3 de dades i garantia dels drets digitals (LOPDGDD), tractarem la seva dades [&hellip;]<\/p>\n","protected":false},"author":3,"featured_media":0,"parent":0,"menu_order":0,"comment_status":"closed","ping_status":"closed","template":"","meta":{"_et_pb_use_builder":"on","_et_pb_old_content":"","_et_gb_content_width":"","footnotes":""},"class_list":["post-2443","page","type-page","status-publish","hentry"],"yoast_head":"<!-- This site is optimized with the Yoast SEO plugin v27.4 - https:\/\/yoast.com\/product\/yoast-seo-wordpress\/ -->\n<title>Pol\u00edtica de Privacitat - PactoZero | Envases reutilizables para un residuo zero<\/title>\n<meta name=\"robots\" content=\"index, follow, max-snippet:-1, max-image-preview:large, max-video-preview:-1\" \/>\n<link rel=\"canonical\" href=\"https:\/\/pactozero.com\/ca\/politica-de-privacitat\/\" \/>\n<meta property=\"og:locale\" content=\"ca_ES\" \/>\n<meta property=\"og:type\" content=\"article\" \/>\n<meta property=\"og:title\" content=\"Pol\u00edtica de Privacitat - PactoZero | Envases reutilizables para un residuo zero\" \/>\n<meta property=\"og:description\" content=\"POLITICA DE PRIVACITAT 1. INFORMACI\u00d3 A L&#039;USUARI ZERO IMPACT PACKAGING, S.L., com a Responsable del Tractament, l&#039;informa que, segons el que es disposa en el Reglament (UE) 2016\/679, de 27 d&#039;abril, (RGPD) i en la L.O. 3\/2018, de 5 de desembre, de protecci\u00f3 de dades i garantia dels drets digitals (LOPDGDD), tractarem la seva dades [&hellip;]\" \/>\n<meta property=\"og:url\" content=\"https:\/\/pactozero.com\/ca\/politica-de-privacitat\/\" \/>\n<meta property=\"og:site_name\" content=\"PactoZero | Envases reutilizables para un residuo zero\" \/>\n<meta property=\"article:modified_time\" content=\"2024-04-29T08:59:31+00:00\" \/>\n<meta name=\"twitter:card\" content=\"summary_large_image\" \/>\n<meta name=\"twitter:label1\" content=\"Temps estimat de lectura\" \/>\n\t<meta name=\"twitter:data1\" content=\"5 minuts\" \/>\n<script type=\"application\/ld+json\" class=\"yoast-schema-graph\">{\"@context\":\"https:\\\/\\\/schema.org\",\"@graph\":[{\"@type\":\"WebPage\",\"@id\":\"https:\\\/\\\/pactozero.com\\\/ca\\\/politica-de-privacitat\\\/\",\"url\":\"https:\\\/\\\/pactozero.com\\\/ca\\\/politica-de-privacitat\\\/\",\"name\":\"Pol\u00edtica de Privacitat - PactoZero | Envases reutilizables para un residuo zero\",\"isPartOf\":{\"@id\":\"https:\\\/\\\/pactozero.com\\\/ca\\\/#website\"},\"datePublished\":\"2021-07-01T06:01:41+00:00\",\"dateModified\":\"2024-04-29T08:59:31+00:00\",\"breadcrumb\":{\"@id\":\"https:\\\/\\\/pactozero.com\\\/ca\\\/politica-de-privacitat\\\/#breadcrumb\"},\"inLanguage\":\"ca\",\"potentialAction\":[{\"@type\":\"ReadAction\",\"target\":[\"https:\\\/\\\/pactozero.com\\\/ca\\\/politica-de-privacitat\\\/\"]}]},{\"@type\":\"BreadcrumbList\",\"@id\":\"https:\\\/\\\/pactozero.com\\\/ca\\\/politica-de-privacitat\\\/#breadcrumb\",\"itemListElement\":[{\"@type\":\"ListItem\",\"position\":1,\"name\":\"Portada\",\"item\":\"https:\\\/\\\/pactozero.com\\\/ca\\\/\"},{\"@type\":\"ListItem\",\"position\":2,\"name\":\"Pol\u00edtica de Privacitat\"}]},{\"@type\":\"WebSite\",\"@id\":\"https:\\\/\\\/pactozero.com\\\/ca\\\/#website\",\"url\":\"https:\\\/\\\/pactozero.com\\\/ca\\\/\",\"name\":\"PactoZero | Sistemas de reutilizaci\u00f3n de envases para un residuo zero\",\"description\":\"PactoZero | Envases reutilizables para un residuo zero\",\"publisher\":{\"@id\":\"https:\\\/\\\/pactozero.com\\\/ca\\\/#organization\"},\"potentialAction\":[{\"@type\":\"SearchAction\",\"target\":{\"@type\":\"EntryPoint\",\"urlTemplate\":\"https:\\\/\\\/pactozero.com\\\/ca\\\/?s={search_term_string}\"},\"query-input\":{\"@type\":\"PropertyValueSpecification\",\"valueRequired\":true,\"valueName\":\"search_term_string\"}}],\"inLanguage\":\"ca\"},{\"@type\":\"Organization\",\"@id\":\"https:\\\/\\\/pactozero.com\\\/ca\\\/#organization\",\"name\":\"PactoZero | Envases reutilizables para un residuo zero\",\"url\":\"https:\\\/\\\/pactozero.com\\\/ca\\\/\",\"logo\":{\"@type\":\"ImageObject\",\"inLanguage\":\"ca\",\"@id\":\"https:\\\/\\\/pactozero.com\\\/ca\\\/#\\\/schema\\\/logo\\\/image\\\/\",\"url\":\"https:\\\/\\\/pactozero.com\\\/wp-content\\\/uploads\\\/2022\\\/09\\\/renovation-PactoZero.png\",\"contentUrl\":\"https:\\\/\\\/pactozero.com\\\/wp-content\\\/uploads\\\/2022\\\/09\\\/renovation-PactoZero.png\",\"width\":903,\"height\":221,\"caption\":\"PactoZero | Envases reutilizables para un residuo zero\"},\"image\":{\"@id\":\"https:\\\/\\\/pactozero.com\\\/ca\\\/#\\\/schema\\\/logo\\\/image\\\/\"},\"sameAs\":[\"https:\\\/\\\/www.instagram.com\\\/pactozero\"]}]}<\/script>\n<!-- \/ Yoast SEO plugin. -->","yoast_head_json":{"title":"Pol\u00edtica de Privacitat - PactoZero | Envases reutilizables para un residuo zero","robots":{"index":"index","follow":"follow","max-snippet":"max-snippet:-1","max-image-preview":"max-image-preview:large","max-video-preview":"max-video-preview:-1"},"canonical":"https:\/\/pactozero.com\/ca\/politica-de-privacitat\/","og_locale":"ca_ES","og_type":"article","og_title":"Pol\u00edtica de Privacitat - PactoZero | Envases reutilizables para un residuo zero","og_description":"POLITICA DE PRIVACITAT 1. INFORMACI\u00d3 A L'USUARI ZERO IMPACT PACKAGING, S.L., com a Responsable del Tractament, l'informa que, segons el que es disposa en el Reglament (UE) 2016\/679, de 27 d'abril, (RGPD) i en la L.O. 3\/2018, de 5 de desembre, de protecci\u00f3 de dades i garantia dels drets digitals (LOPDGDD), tractarem la seva dades [&hellip;]","og_url":"https:\/\/pactozero.com\/ca\/politica-de-privacitat\/","og_site_name":"PactoZero | Envases reutilizables para un residuo zero","article_modified_time":"2024-04-29T08:59:31+00:00","twitter_card":"summary_large_image","twitter_misc":{"Temps estimat de lectura":"5 minuts"},"schema":{"@context":"https:\/\/schema.org","@graph":[{"@type":"WebPage","@id":"https:\/\/pactozero.com\/ca\/politica-de-privacitat\/","url":"https:\/\/pactozero.com\/ca\/politica-de-privacitat\/","name":"Pol\u00edtica de Privacitat - PactoZero | Envases reutilizables para un residuo zero","isPartOf":{"@id":"https:\/\/pactozero.com\/ca\/#website"},"datePublished":"2021-07-01T06:01:41+00:00","dateModified":"2024-04-29T08:59:31+00:00","breadcrumb":{"@id":"https:\/\/pactozero.com\/ca\/politica-de-privacitat\/#breadcrumb"},"inLanguage":"ca","potentialAction":[{"@type":"ReadAction","target":["https:\/\/pactozero.com\/ca\/politica-de-privacitat\/"]}]},{"@type":"BreadcrumbList","@id":"https:\/\/pactozero.com\/ca\/politica-de-privacitat\/#breadcrumb","itemListElement":[{"@type":"ListItem","position":1,"name":"Portada","item":"https:\/\/pactozero.com\/ca\/"},{"@type":"ListItem","position":2,"name":"Pol\u00edtica de Privacitat"}]},{"@type":"WebSite","@id":"https:\/\/pactozero.com\/ca\/#website","url":"https:\/\/pactozero.com\/ca\/","name":"PactoZero | Sistemas de reutilizaci\u00f3n de envases para un residuo zero","description":"PactoZero | Envases reutilizables para un residuo zero","publisher":{"@id":"https:\/\/pactozero.com\/ca\/#organization"},"potentialAction":[{"@type":"SearchAction","target":{"@type":"EntryPoint","urlTemplate":"https:\/\/pactozero.com\/ca\/?s={search_term_string}"},"query-input":{"@type":"PropertyValueSpecification","valueRequired":true,"valueName":"search_term_string"}}],"inLanguage":"ca"},{"@type":"Organization","@id":"https:\/\/pactozero.com\/ca\/#organization","name":"PactoZero | Envases reutilizables para un residuo zero","url":"https:\/\/pactozero.com\/ca\/","logo":{"@type":"ImageObject","inLanguage":"ca","@id":"https:\/\/pactozero.com\/ca\/#\/schema\/logo\/image\/","url":"https:\/\/pactozero.com\/wp-content\/uploads\/2022\/09\/renovation-PactoZero.png","contentUrl":"https:\/\/pactozero.com\/wp-content\/uploads\/2022\/09\/renovation-PactoZero.png","width":903,"height":221,"caption":"PactoZero | Envases reutilizables para un residuo zero"},"image":{"@id":"https:\/\/pactozero.com\/ca\/#\/schema\/logo\/image\/"},"sameAs":["https:\/\/www.instagram.com\/pactozero"]}]}},"_links":{"self":[{"href":"https:\/\/pactozero.com\/ca\/wp-json\/wp\/v2\/pages\/2443","targetHints":{"allow":["GET"]}}],"collection":[{"href":"https:\/\/pactozero.com\/ca\/wp-json\/wp\/v2\/pages"}],"about":[{"href":"https:\/\/pactozero.com\/ca\/wp-json\/wp\/v2\/types\/page"}],"author":[{"embeddable":true,"href":"https:\/\/pactozero.com\/ca\/wp-json\/wp\/v2\/users\/3"}],"replies":[{"embeddable":true,"href":"https:\/\/pactozero.com\/ca\/wp-json\/wp\/v2\/comments?post=2443"}],"version-history":[{"count":5,"href":"https:\/\/pactozero.com\/ca\/wp-json\/wp\/v2\/pages\/2443\/revisions"}],"predecessor-version":[{"id":2448,"href":"https:\/\/pactozero.com\/ca\/wp-json\/wp\/v2\/pages\/2443\/revisions\/2448"}],"wp:attachment":[{"href":"https:\/\/pactozero.com\/ca\/wp-json\/wp\/v2\/media?parent=2443"}],"curies":[{"name":"wp","href":"https:\/\/api.w.org\/{rel}","templated":true}]}}